{"id":63086,"date":"2019-01-09T10:55:35","date_gmt":"2019-01-09T09:55:35","guid":{"rendered":"https:\/\/www.goriffee.com\/polityka-prywatnosci\/"},"modified":"2025-10-30T13:11:30","modified_gmt":"2025-10-30T12:11:30","slug":"polityka-prywatnosci","status":"publish","type":"page","link":"https:\/\/www.goriffee.com\/pl\/polityka-prywatnosci\/","title":{"rendered":"Polityka prywatno\u015bci"},"content":{"rendered":"\n<h1 class=\"wp-block-heading\"><a><\/a><a><\/a><a><\/a><a><\/a><a><\/a><a><\/a><a><\/a><a><\/a><a><\/a><a><\/a><a><\/a><a>Zasady przetwarzania danych osobowych<\/a><\/h1>\n\n<h2 class=\"wp-block-heading\"><a><\/a><a><\/a><a><\/a><a><\/a><a><\/a><a><\/a><a><\/a><a><\/a><a><\/a><a><\/a><a><\/a><a><\/a><a>Kto przetwarza dane osobowe u\u017cytkownika <\/a>?<em><\/em><\/h2>\n\n<p><strong><br\/><\/strong>Dane osobowe u\u017cytkownika s\u0105 przetwarzane przez sp\u00f3\u0142k\u0119  <a><\/a><a><strong>Goriffee s. r. o. <\/strong>  <\/a>Gab\u010d\u00edkov\u00e1 8, 841 05 Bratys\u0142awa, nr identyfikacyjny: 46 289 305, zarejestrowana w Rejestrze Handlowym S\u0105du Miejskiego w Bratys\u0142awie III, sekcja Sro, nr wpisu 74964\/B (zwana dalej<strong>&#8220;operatorem&#8221;)<\/strong>. Przetwarzaj\u0105c dane osobowe przez administratora, u\u017cytkownik zajmuje pozycj\u0119 osoby <strong>, kt\u00f3rej dane dotycz\u0105<\/strong>, tj. osoby, kt\u00f3rej dotycz\u0105 przetwarzane dane osobowe. Twoje dane osobowe b\u0119d\u0105 przetwarzane w spos\u00f3b bezpieczny, zgodnie z polityk\u0105 bezpiecze\u0144stwa administratora.       <\/p>\n\n<h2 class=\"wp-block-heading\"><a><\/a><a><\/a><a><\/a><a><\/a><a><\/a><a><\/a><a><\/a><a><\/a><a><\/a><a><\/a><a><\/a><a><\/a><a>Jakie prawa przys\u0142uguj\u0105 osobie, kt\u00f3rej dane dotycz\u0105?<\/a><\/h2>\n\n<ul class=\"wp-block-list\">\n<li><strong>Prawo dost\u0119pu<\/strong> &#8211; u\u017cytkownik ma prawo do otrzymania kopii danych osobowych, kt\u00f3re przechowujemy na jego temat, a tak\u017ce informacji o tym, w jaki spos\u00f3b wykorzystujemy jego dane osobowe (przyk\u0142adowy wniosek <a href=\"%C5%BEiados%C5%A5%20na%20pr%C3%ADstup%20k%20osobn%C3%BDm%20%C3%BAdajom\/Vzor%20%C5%BEiadosti%20na%20pr%C3%ADstup%20k%20osobn%C3%BDm%20%C3%BAdajom.docx\">TUTAJ<\/a>).<\/li>\n\n\n\n<li><strong>Prawo do sprostowania &#8211; <\/strong>je\u015bli uwa\u017casz, \u017ce posiadane przez nas informacje s\u0105 niedok\u0142adne, niekompletne lub nieaktualne, nie wahaj si\u0119 poprosi\u0107 nas o poprawienie, zaktualizowanie lub uzupe\u0142nienie tych informacji (przyk\u0142adowy wniosek <a href=\"%C5%BDiados%C5%A5%20na%20opravu%20osobn%C3%BDch%20%C3%BAdajov\/Vzor%20%C5%BEiadosti%20na%20opravu%20osobn%C3%BDch%20%C3%BAdajov.docx\">TUTAJ<\/a>).<\/li>\n\n\n\n<li><strong>Prawo do usuni\u0119cia<\/strong> (bycia zapomnianym) &#8211; u\u017cytkownik ma prawo poprosi\u0107 nas o usuni\u0119cie swoich danych osobowych (przyk\u0142adowy wniosek <a href=\"%C5%BDiados%C5%A5%20o%20v%C3%BDmaz%20osobn%C3%BDch%20%C3%BAdajov\/Vzor%20%C5%BEiadosti%20na%20vymazanie%20osobn%C3%BDch%20%C3%BAdajov.docx\">TUTAJ<\/a>).<\/li>\n\n\n\n<li><strong>Wycofanie<\/strong> zgody &#8211; w przypadku, gdy przetwarzamy dane osobowe u\u017cytkownika na podstawie jego zgody, u\u017cytkownik ma prawo wycofa\u0107 swoj\u0105 zgod\u0119 w dowolnym momencie. Wycofanie zgody nie wp\u0142ywa na zgodno\u015b\u0107 z prawem przetwarzania danych osobowych, kt\u00f3re przetwarzali\u015bmy na podstawie tej zgody (przyk\u0142adowy wniosek <a href=\"%C5%BDiados%C5%A5%20o%20odvolanie%20s%C3%BAhlasu%20so%20sprac%C3%BAvna%C3%ADm%20osobn%C3%BDch%20%C3%BAdajov\/Vzor%20%C5%BEiadosti%20odvola%C5%A5%20s%C3%BAhlas%20so%20sprac%C3%BAvan%C3%ADm%20osobn%C3%BDch%20%C3%BAdajov.docx\">TUTAJ<\/a>).   <\/li>\n\n\n\n<li><strong>Prawo do ograniczenia przetwarzania<\/strong> &#8211; w pewnych okoliczno\u015bciach u\u017cytkownik ma prawo poprosi\u0107 nas o zaprzestanie wykorzystywania jego danych osobowych (przyk\u0142adowy wniosek <a href=\"%C5%BDiados%C5%A5%20na%20obmedzenie%20sprac%C3%BAvania%20osobn%C3%BDch%20%C3%BAdajov\/Vzor%20%C5%BEiadosti%20na%20obmedzenie%20sprac%C3%BAvania%20osobn%C3%BDch%20%C3%BAdajov.docx\">TUTAJ<\/a>).<\/li>\n\n\n\n<li><strong>Prawo do przenoszenia danych<\/strong> &#8211; w pewnych okoliczno\u015bciach u\u017cytkownik ma prawo poprosi\u0107 nas o przekazanie przekazanych nam danych osobowych wybranej przez siebie stronie trzeciej (przyk\u0142adowy wniosek <a href=\"%C5%BEiados%C5%A5%20na%20prenosnos%C5%A5%20osobn%C3%BDch%20%C3%BAdajov\/Vzor%20%C5%BEiadosti%20na%20prenosnso%C5%A5%20osobn%C3%BDch%20%C3%BAdajov.docx\">TUTAJ<\/a>).<\/li>\n\n\n\n<li><strong>Prawo do sprzeciwu<\/strong> &#8211; u\u017cytkownik ma prawo sprzeciwi\u0107 si\u0119 przetwarzaniu jego danych osobowych w oparciu o nasze uzasadnione interesy (przyk\u0142adowy wniosek <a href=\"%C5%BDiados%C5%A5%20namieta%C5%A5%20sprac%C3%BAvanie%20osobn%C3%BDch%20%C3%BAdajov\/Vzor%20%C5%BEiadosti%20namieta%C5%A5%20sprac%C3%BAvanie%20osobn%C3%BDch%20%C3%BAdajov.docx\">TUTAJ<\/a>).  <\/li>\n\n\n\n<li><a><strong>Prawo <\/strong><\/a>nie podlega\u0107<strong> zautomatyzowanemu podejmowaniu indywidualnych decyzji <\/strong>, w tym<strong> profilowaniu.<\/strong><\/li>\n<\/ul>\n\n<ul class=\"wp-block-list\">\n<li><strong>Prawo do z\u0142o\u017cenia wniosku o wszcz\u0119cie post\u0119powania w sprawie ochrony danych osobowych<\/strong> &#8211; je\u015bli uwa\u017casz, \u017ce przetwarzamy Twoje dane osobowe w spos\u00f3b nieuczciwy lub niezgodny z prawem, mo\u017cesz z\u0142o\u017cy\u0107 skarg\u0119 do organu nadzorczego, kt\u00f3rym jest Urz\u0105d Ochrony Danych Osobowych Republiki S\u0142owackiej.  <\/li>\n<\/ul>\n\n<p><br\/>Je\u015bli podanie danych osobowych jest wymogiem <strong>prawnym\/umownym<\/strong>, u\u017cytkownik jako osoba, kt\u00f3rej dane dotycz\u0105, jest <strong>zobowi\u0105zany do<\/strong> podania tych danych osobowych. Niepodanie danych osobowych niezb\u0119dnych do zawarcia umowy mo\u017ce spowodowa\u0107, \u017ce stosunek umowny <strong>nie zostanie zawarty<\/strong>. <\/p>\n\n<p>W przypadku sprzeciwu wobec przetwarzania danych osobowych, u\u017cytkownik ma prawo z\u0142o\u017cy\u0107 skarg\u0119 lub wniosek na pi\u015bmie w siedzibie sp\u00f3\u0142ki pod adresem Gab\u010d\u00edkov\u00e1 8, 841 05 Bratys\u0142awa lub poczt\u0105 elektroniczn\u0105 na adres e-mail: <strong><u>info@goriffee.com<\/u><\/strong>.  <\/p>\n\n<p>Administrator nie b\u0119dzie wykorzystywa\u0142 danych osobowych u\u017cytkownika do zautomatyzowanego podejmowania indywidualnych decyzji, w tym profilowania. U\u017cytkownik mo\u017ce skorzysta\u0107 z naszych przyk\u0142adowych formularzy, aby skorzysta\u0107 z niekt\u00f3rych przys\u0142uguj\u0105cych mu praw.  <\/p>\n\n<p>Administrator nie przekazuje danych osobowych do pa\u0144stw trzecich ani organizacji mi\u0119dzynarodowych.  <\/p>\n\n<p><\/p>\n\n<h2 class=\"wp-block-heading\"><a><\/a><a><\/a><a id=\"_Toc160623229\"><strong>E-SHOP<\/strong><\/a><strong><\/strong><\/h2>\n\n<h3 class=\"wp-block-heading\"><a id=\"_Toc160623230\">Formularz kontaktowy<\/a><br\/><br\/><\/h3>\n\n<figure class=\"wp-block-table\"><table class=\"has-fixed-layout\"><tbody><tr><td><a><br\/><strong>Cel przetwarzania  <\/strong><\/a><strong><\/strong><\/td><td><br\/>komunikacja za po\u015brednictwem internetowego formularza kontaktowego, obs\u0142uga zg\u0142osze\u0144<\/td><\/tr><tr><td><br\/><strong>Podstawa prawna<\/strong><strong><\/strong><\/td><td><br\/>uzasadniony interes w rozumieniu art. 6 ust. 1 lit. f) RODO. G\u0142\u00f3wnym uzasadnionym interesem jest zapewnienie skutecznej komunikacji za po\u015brednictwem strony internetowej    <br\/><br\/><\/td><\/tr><tr><td><strong><br\/>Kategoria os\u00f3b, kt\u00f3rych to dotyczy<\/strong><strong><\/strong><\/td><td><br\/>osoby poszukuj\u0105ce informacji<\/td><\/tr><tr><td><strong><br\/>Kategoria danych osobowych<br\/><br\/><\/strong><strong><\/strong><\/td><td> <br\/>dane obowi\u0105zkowe:<br\/>imi\u0119 i nazwisko, adres e-mail, temat zapytania, temat wiadomo\u015bci, dane opcjonalne:<br\/>nazwisko<\/td><\/tr><tr><td><strong><br\/>Kategorie beneficjent\u00f3w  <\/strong><strong><\/strong><\/td><td><br\/>upowa\u017cnione osoby pozostaj\u0105ce z administratorem w stosunku umownym, podmioty, kt\u00f3rym administrator jest zobowi\u0105zany udost\u0119pni\u0107 dane osobowe na mocy przepis\u00f3w prawa, administracja strony internetowej, firma zajmuj\u0105ca si\u0119 komunikacj\u0105 marketingow\u0105<\/td><\/tr><tr><td><strong><br\/>Termin usuni\u0119cia danych osobowych<\/strong><strong><\/strong><\/td><td><br\/>10 dni od ko\u0144ca miesi\u0105ca, w kt\u00f3rym otrzymano wniosek  <\/td><\/tr><tr><td><strong> <\/strong> <strong>Przekazywanie danych osobowych do pa\u0144stw trzecich lub organizacji mi\u0119dzynarodowych<\/strong><strong><\/strong> <strong> <\/strong><\/td><td><br\/>nie wdro\u017cony  <\/td><\/tr><\/tbody><\/table><\/figure>\n\n<h3 class=\"wp-block-heading\"><a id=\"_Toc160623231\">Rejestr<\/a><br\/><br\/><\/h3>\n\n<figure class=\"wp-block-table\"><table class=\"has-fixed-layout\"><tbody><tr><td><br\/><strong>Cel przetwarzania  <\/strong><strong><\/strong><\/td><td><br\/>rejestracja zarejestrowanych cz\u0142onk\u00f3w sklepu internetowego, zarz\u0105dzanie zarejestrowanymi kontami<\/td><\/tr><tr><td><br\/><strong>Podstawa prawna<\/strong><strong><\/strong><\/td><td><br\/>zgoda osoby, kt\u00f3rej dane dotycz\u0105, w rozumieniu art. 6 lit. a) RODO   <\/td><\/tr><tr><td><strong><br\/>Kategoria os\u00f3b, kt\u00f3rych to dotyczy<\/strong><strong><\/strong><\/td><td><br\/>zarejestrowani cz\u0142onkowie<\/td><\/tr><tr><td><strong><br\/>Kategoria danych osobowych<br\/><br\/><\/strong><strong><\/strong><\/td><td><br\/>imi\u0119, nazwisko, e-mail, login (has\u0142o)<br\/>po rejestracji przetwarzane b\u0119d\u0105 dane dotycz\u0105ce zakup\u00f3w\/zam\u00f3wie\u0144<\/td><\/tr><tr><td><strong><br\/>Kategorie beneficjent\u00f3w  <\/strong><strong><\/strong><\/td><td><br\/>upowa\u017cnionym osobom pozostaj\u0105cym z administratorem w stosunku umownym, podmiotom, kt\u00f3rym administrator jest zobowi\u0105zany udost\u0119pni\u0107 dane osobowe na podstawie przepis\u00f3w prawa, administratorowi strony internetowej<\/td><\/tr><tr><td><strong><br\/>Termin usuni\u0119cia danych osobowych<\/strong><strong><\/strong><\/td><td><br\/>60 miesi\u0119cy od daty ostatniej rejestracji zarejestrowanego cz\u0142onka  <\/td><\/tr><tr><td><strong> <\/strong> <strong>Przekazywanie danych osobowych do pa\u0144stw trzecich lub organizacji mi\u0119dzynarodowych<\/strong><strong><\/strong> <strong> <\/strong><\/td><td><br\/>nie wdro\u017cony<\/td><\/tr><\/tbody><\/table><\/figure>\n\n<h3 class=\"wp-block-heading\"><a><\/a><a id=\"_Toc160623232\">Zam\u00f3wienia<\/a><br\/><br\/><\/h3>\n\n<figure class=\"wp-block-table\"><table class=\"has-fixed-layout\"><tbody><tr><td><br\/><strong>Cel przetwarzania  <\/strong><strong><\/strong><\/td><td><br\/>zawieranie i zarz\u0105dzanie zam\u00f3wieniami sk\u0142adanymi za po\u015brednictwem strony internetowej (e-sklepu)<br\/><br\/><\/td><\/tr><tr><td><br\/><strong>Podstawa prawna<\/strong><strong><\/strong><\/td><td><br\/>stosunek umowny w rozumieniu art. 6 ust. 1 lit. b) RODO   <br\/><br\/><\/td><\/tr><tr><td><strong><br\/>Kategoria os\u00f3b, kt\u00f3rych to dotyczy<br\/><br\/><\/strong><strong><\/strong><\/td><td><br\/>klienci\/osoby upowa\u017cnione do dzia\u0142ania w imieniu klienta, je\u015bli klient jest osob\u0105 prawn\u0105\/osoba kontaktowa klienta  <br\/><br\/><\/td><\/tr><tr><td><strong><br\/>Kategoria danych osobowych<br\/><br\/><\/strong><strong><\/strong><\/td><td><br\/>imi\u0119, nazwisko, ulica, miasto, kod pocztowy, region\/wojew\u00f3dztwo, e-mail, numer telefonu, przedmiot zam\u00f3wienia, dane zwi\u0105zane z nazw\u0105 p\u0142atno\u015bci i specjalne dane rozliczeniowe, je\u015bli klient jest osob\u0105 prawn\u0105 lub osob\u0105 samozatrudnion\u0105 (w szczeg\u00f3lno\u015bci NIP, NIP, numer VAT) <br\/><br\/><\/td><\/tr><tr><td><strong><br\/>Kategorie beneficjent\u00f3w  <\/strong><strong><\/strong><\/td><td><br\/>upowa\u017cnionym osobom pozostaj\u0105cym z administratorem w stosunku umownym, w tym administratorowi strony internetowej, podmiotom, kt\u00f3rym administrator jest zobowi\u0105zany udost\u0119pni\u0107 dane osobowe na podstawie przepis\u00f3w prawa, przewo\u017anikowi zewn\u0119trznemu &#8211; w przypadku wyboru dostawy towaru przez wybranego przewo\u017anika zewn\u0119trznego, partnerom zewn\u0119trznym udost\u0119pniaj\u0105cym bramk\u0119 p\u0142atno\u015bci  <\/td><\/tr><tr><td><strong><br\/>Termin usuni\u0119cia danych osobowych<\/strong><strong><\/strong><\/td><td><br\/>10 lat od wykonania nakazu  <\/td><\/tr><tr><td><strong>Przekazywanie danych osobowych do pa\u0144stw trzecich lub organizacji mi\u0119dzynarodowych<\/strong><strong><\/strong> <strong> <\/strong><\/td><td><br\/>nie wdro\u017cony<\/td><\/tr><\/tbody><\/table><\/figure>\n\n<h3 class=\"wp-block-heading\"><a id=\"_Toc160623233\">Porzucony koszyk<\/a><br\/><br\/><\/h3>\n\n<figure class=\"wp-block-table\"><table class=\"has-fixed-layout\"><tbody><tr><td><br\/><strong>Cel przetwarzania  <\/strong><strong><\/strong><\/td><td><br\/>rezerwacja towar\u00f3w w ramach systemu porzuconych koszyk\u00f3w &#8211; zapisywanie danych koszyka po opuszczeniu strony internetowej  <br\/><br\/><\/td><\/tr><tr><td><br\/><strong>Podstawa prawna<\/strong><strong><\/strong><\/td><td><br\/>stosunek przedumowny w rozumieniu art. 6 ust. 1 lit. b) RODO   <br\/><br\/><\/td><\/tr><tr><td><strong><br\/>Kategoria os\u00f3b, kt\u00f3rych to dotyczy<br\/><br\/><\/strong><strong><\/strong><\/td><td><br\/>potencjalni klienci<br\/><br\/><\/td><\/tr><tr><td><strong><br\/>Kategoria danych osobowych<br\/><br\/><\/strong><strong><\/strong><\/td><td><br\/>Adres IP, informacje o koszyku<br\/><br\/><\/td><\/tr><tr><td><strong><br\/>Kategorie beneficjent\u00f3w  <\/strong><strong><\/strong><\/td><td><br\/>upowa\u017cnionym osobom pozostaj\u0105cym z administratorem w stosunku umownym, w tym administratorowi strony internetowej, podmiotom, kt\u00f3rym administrator ma obowi\u0105zek przekazywania danych osobowych na gruncie przepis\u00f3w prawa  <\/td><\/tr><tr><td><strong><br\/>Termin usuni\u0119cia danych osobowych<\/strong><strong><\/strong><\/td><td><br\/>24 godziny po umieszczeniu produkt\u00f3w w <a>koszyku<\/a><a href=\"#_msocom_1\">[TJ1]<\/a>.   <\/td><\/tr><tr><td><strong>Przekazywanie danych osobowych do pa\u0144stw trzecich lub organizacji mi\u0119dzynarodowych<\/strong><strong><\/strong> <strong> <\/strong><\/td><td><br\/>nie wdro\u017cony<\/td><\/tr><\/tbody><\/table><\/figure>\n\n<h3 class=\"wp-block-heading\"><a id=\"_Toc160623234\">Skargi<\/a><br\/><br\/><\/h3>\n\n<figure class=\"wp-block-table\"><table class=\"has-fixed-layout\"><tbody><tr><td><br\/><strong>Cel przetwarzania  <\/strong><strong><\/strong><\/td><td><br\/>rejestracja i rozpatrywanie skarg<\/td><\/tr><tr><td><br\/><strong>Podstawa prawna<\/strong><strong><\/strong><\/td><td><br\/>Ustawa nr 250\/2007 Dz.U. o ochronie konsument\u00f3w oraz o zmianie ustawy nr 372\/1990 Dz.U. S\u0142owackiej Rady Narodowej o przest\u0119pstwach, z p\u00f3\u017aniejszymi zmianami, stosunek umowny w rozumieniu art. 6 ust. 1 lit. b) rozporz\u0105dzenia, ustawa nr 102\/2014 Dz.U. o ochronie konsument\u00f3w przy sprzeda\u017cy towar\u00f3w lub \u015bwiadczeniu us\u0142ug na podstawie umowy zawartej na odleg\u0142o\u015b\u0107 lub umowy zawartej poza lokalem sprzedawcy oraz o zmianach i uzupe\u0142nieniach niekt\u00f3rych ustaw.         <br\/><br\/><\/td><\/tr><tr><td><strong><br\/>Kategoria os\u00f3b, kt\u00f3rych to dotyczy<br\/><br\/><\/strong><strong><\/strong><\/td><td><br\/>klienci, osoba upowa\u017cniona do dzia\u0142ania w imieniu klienta, je\u017celi klient jest osob\u0105 prawn\u0105<br\/><br\/><\/td><\/tr><tr><td><strong><br\/>Kategoria danych osobowych<br\/><br\/><\/strong><strong><\/strong><\/td><td><br\/>imi\u0119, nazwisko, ulica, miasto, kod pocztowy, region\/wojew\u00f3dztwo, e-mail, numer telefonu, przedmiot zam\u00f3wienia, dane zwi\u0105zane z p\u0142atno\u015bci\u0105, nazwa i specjalne dane rozliczeniowe, je\u015bli klient jest osob\u0105 prawn\u0105 lub osob\u0105 prowadz\u0105c\u0105 dzia\u0142alno\u015b\u0107 gospodarcz\u0105 (w szczeg\u00f3lno\u015bci NIP, NIP), dane osobowe zwi\u0105zane z przedmiotem reklamacji zgodnie z zasad\u0105 minimalizacji, dane podane w zam\u00f3wieniu <\/td><\/tr><tr><td><strong><br\/>Kategorie beneficjent\u00f3w  <\/strong><strong><\/strong><\/td><td><br\/>upowa\u017cnionym osobom pozostaj\u0105cym z administratorem w stosunku umownym, podmiotom, kt\u00f3rym administrator jest zobowi\u0105zany udost\u0119pni\u0107 dane osobowe na podstawie przepis\u00f3w prawa, administratorowi strony internetowej<\/td><\/tr><tr><td><strong><br\/>Termin usuni\u0119cia danych osobowych<\/strong><strong><\/strong><\/td><td><br\/>2 lata od rozpatrzenia skargi  <\/td><\/tr><tr><td><strong> <\/strong> <strong>Przekazywanie danych osobowych do pa\u0144stw trzecich lub organizacji mi\u0119dzynarodowych<\/strong><strong><\/strong> <strong> <\/strong><\/td><td><br\/>nie wdro\u017cony  <\/td><\/tr><\/tbody><\/table><\/figure>\n\n<h3 class=\"wp-block-heading\"><a id=\"_Toc160623235\">Recenzje<\/a>  <br\/><br\/><\/h3>\n\n<figure class=\"wp-block-table\"><table class=\"has-fixed-layout\"><tbody><tr><td><br\/><strong>Cel przetwarzania  <\/strong><strong><\/strong><\/td><td><br\/>publikacja opinii klient\u00f3w &#8211; ocena jako\u015bci us\u0142ug i produkt\u00f3w dostarczanych przez klient\u00f3w<br\/><br\/><\/td><\/tr><tr><td><br\/><strong>Podstawa prawna<\/strong><strong><\/strong><\/td><td><br\/>uzasadniony interes w rozumieniu art. 6 ust. 1 lit. f) RODO. G\u0142\u00f3wnym uzasadnionym interesem jest informowanie opinii publicznej o jako\u015bci \u015bwiadczonych us\u0142ug i dostarczanych produkt\u00f3w    <br\/><br\/><\/td><\/tr><tr><td><strong><br\/>Kategoria os\u00f3b, kt\u00f3rych to dotyczy<br\/><br\/><\/strong><strong><\/strong><\/td><td><br\/>klienci\/osoby upowa\u017cnione do dzia\u0142ania w imieniu klienta, je\u015bli klient jest osob\u0105 prawn\u0105<br\/><br\/><\/td><\/tr><tr><td><strong><br\/>Kategoria danych osobowych<br\/><br\/><\/strong><strong><\/strong><\/td><td><br\/>nazwa, szczeg\u00f3\u0142y podane w recenzji<br\/><br\/><\/td><\/tr><tr><td><strong><br\/>Kategorie beneficjent\u00f3w  <\/strong><strong><\/strong><\/td><td><br\/>upowa\u017cnione osoby pozostaj\u0105ce z administratorem w stosunku umownym, w tym administrator strony internetowej, podmioty, kt\u00f3rym administrator jest zobowi\u0105zany udost\u0119pni\u0107 dane osobowe na podstawie przepis\u00f3w prawa, administracja strony internetowej, firma zajmuj\u0105ca si\u0119 komunikacj\u0105 marketingow\u0105  <\/td><\/tr><tr><td><strong><br\/>Termin usuni\u0119cia danych osobowych<\/strong><strong><\/strong><\/td><td><br\/>tak d\u0142ugo, jak dzia\u0142a strona internetowa, na kt\u00f3rej opublikowano recenzj\u0119, lub tak d\u0142ugo, jak klient nie za\u017c\u0105da usuni\u0119cia recenzji  <\/td><\/tr><tr><td><strong>Przekazywanie danych osobowych do pa\u0144stw trzecich lub organizacji mi\u0119dzynarodowych<\/strong><strong><\/strong> <strong> <\/strong><\/td><td><br\/>nie wdro\u017cony<\/td><\/tr><\/tbody><\/table><\/figure>\n\n<h3 class=\"wp-block-heading\"><a id=\"_Toc160623236\">Ewidencja klient\u00f3w i os\u00f3b kontaktowych<\/a><br\/><br\/><\/h3>\n\n<figure class=\"wp-block-table\"><table class=\"has-fixed-layout\"><tbody><tr><td><br\/><strong>Cel przetwarzania  <\/strong><strong><\/strong><\/td><td><br\/>rejestracja klient\u00f3w i os\u00f3b kontaktowych<br\/><br\/><\/td><\/tr><tr><td><br\/><strong>Podstawa prawna<\/strong><strong><\/strong><\/td><td><br\/>uzasadniony interes w rozumieniu art. 6(1)(f) RODO. G\u0142\u00f3wnym uzasadnionym interesem jest skuteczne dostarczanie komunikacji biznesowej.      <br\/><br\/><\/td><\/tr><tr><td><strong><br\/>Kategoria os\u00f3b, kt\u00f3rych to dotyczy<br\/><br\/><\/strong><strong><\/strong><\/td><td><br\/>klienci, osoba upowa\u017cniona do dzia\u0142ania w imieniu klienta, osoba kontaktowa klienta<br\/><br\/><\/td><\/tr><tr><td><strong><br\/>Kategoria danych osobowych<br\/><br\/><\/strong><strong><\/strong><\/td><td><br\/>imi\u0119, nazwisko, adres e-mail, numer telefonu (dane identyfikacyjne firmy, na podstawie kt\u00f3rych mo\u017cna zidentyfikowa\u0107 osob\u0119, kt\u00f3rej dane dotycz\u0105 &#8211; tylko w przypadku os\u00f3b prawnych) <br\/><br\/><\/td><\/tr><tr><td><strong><br\/>Kategorie beneficjent\u00f3w  <\/strong><strong><\/strong><\/td><td><br\/>upowa\u017cnionym osobom pozostaj\u0105cym z administratorem w stosunku umownym, podmiotom, kt\u00f3rym administrator jest zobowi\u0105zany udost\u0119pni\u0107 dane osobowe na mocy przepis\u00f3w prawa  <\/td><\/tr><tr><td><strong><br\/>Termin usuni\u0119cia danych osobowych<\/strong><strong><\/strong><\/td><td><br\/>po zako\u0144czeniu stosunku umownego  <\/td><\/tr><tr><td><strong> <\/strong> <strong>Przekazywanie danych osobowych do pa\u0144stw trzecich lub organizacji mi\u0119dzynarodowych<\/strong><strong><\/strong><\/td><td><br\/>nie wdro\u017cony<\/td><\/tr><\/tbody><\/table><\/figure>\n\n<h2 class=\"wp-block-heading\"><a id=\"_Toc160623237\"><strong>SUBSKRYPCJA KAWY<\/strong><\/a><strong>  <\/strong><br\/><a id=\"_Toc160623238\">Zam\u00f3wienia<\/a><br\/><br\/><\/h2>\n\n<figure class=\"wp-block-table\"><table class=\"has-fixed-layout\"><tbody><tr><td><br\/><strong>Cel przetwarzania  <\/strong><strong><\/strong><\/td><td><br\/>zawieranie i zarz\u0105dzanie zam\u00f3wieniami sk\u0142adanymi za po\u015brednictwem strony internetowej (e-sklepu)<br\/><br\/><\/td><\/tr><tr><td><br\/><strong>Podstawa prawna<\/strong><strong><\/strong><\/td><td><br\/>stosunek umowny w rozumieniu art. 6 ust. 1 lit. b) RODO   <br\/><br\/><\/td><\/tr><tr><td><strong><br\/>Kategoria os\u00f3b, kt\u00f3rych to dotyczy<br\/><br\/><\/strong><strong><\/strong><\/td><td><br\/>klienci\/osoby upowa\u017cnione do dzia\u0142ania w imieniu klienta, je\u015bli klient jest osob\u0105 prawn\u0105\/osoba kontaktowa klienta  <br\/><br\/><\/td><\/tr><tr><td><strong><br\/>Kategoria danych osobowych<br\/><br\/><\/strong><strong><\/strong><\/td><td><br\/>imi\u0119, nazwisko, ulica, miasto, kod pocztowy, region\/wojew\u00f3dztwo, e-mail, numer telefonu, przedmiot zam\u00f3wienia, dane zwi\u0105zane z nazw\u0105 p\u0142atno\u015bci i specjalne dane rozliczeniowe, je\u015bli klient jest osob\u0105 prawn\u0105 lub osob\u0105 samozatrudnion\u0105 (w szczeg\u00f3lno\u015bci NIP, NIP, numer VAT) <br\/><br\/><\/td><\/tr><tr><td><strong><br\/>Kategorie beneficjent\u00f3w  <\/strong><strong><\/strong><\/td><td><br\/>upowa\u017cnionym osobom pozostaj\u0105cym z administratorem w stosunku umownym, w tym administratorowi strony internetowej, podmiotom, kt\u00f3rym administrator jest zobowi\u0105zany udost\u0119pni\u0107 dane osobowe na podstawie przepis\u00f3w prawa, przewo\u017anikowi zewn\u0119trznemu &#8211; w przypadku wyboru dostawy towaru przez wybranego przewo\u017anika zewn\u0119trznego, partnerom zewn\u0119trznym udost\u0119pniaj\u0105cym bramk\u0119 p\u0142atno\u015bci  <\/td><\/tr><tr><td><strong><br\/>Termin usuni\u0119cia danych osobowych<\/strong><strong><\/strong><\/td><td><br\/>10 lat od wykonania nakazu  <\/td><\/tr><tr><td><strong>Przekazywanie danych osobowych do pa\u0144stw trzecich lub organizacji mi\u0119dzynarodowych<\/strong><strong><\/strong> <strong> <\/strong><\/td><td><br\/>nie wdro\u017cony<\/td><\/tr><\/tbody><\/table><\/figure>\n\n<h3 class=\"wp-block-heading\"><a id=\"_Toc160623239\">SUBSKRYPCJA JAKO PREZENT<\/a><br\/><\/h3>\n\n<p><a>Bliska Ci osoba postanowi\u0142a podarowa\u0107 Ci prezent i zam\u00f3wi\u0142a dla Ciebie prezent &#8211; subskrypcj\u0119 kawy oraz poda\u0142a Twoje dane kontaktowe w celu dostawy. Przetwarzamy Twoje dane osobowe wy\u0142\u0105cznie w celu dostarczenia prezentu &#8211; subskrypcji kawy. <\/a><\/p>\n\n<figure class=\"wp-block-table\"><table class=\"has-fixed-layout\"><tbody><tr><td><a><br\/><\/a><strong>Cel przetwarzania  <\/strong><strong><\/strong><\/td><td><br\/>przekazanie prezentu &#8211; &#8220;abonamentu kawowego&#8221; darczy\u0144cy, na jego \u017cyczenie  <br\/><br\/><\/td><\/tr><tr><td><br\/><strong>Podstawa prawna<\/strong><strong><\/strong><\/td><td><br\/>uzasadniony interes w rozumieniu art. 6 ust. 1 lit. f) Rozporz\u0105dzenia. G\u0142\u00f3wnym uzasadnionym interesem jest dostarczenie subskrypcji kawy darczy\u0144cy na podstawie jego instrukcji.      <\/td><\/tr><tr><td><strong><br\/>Korzystanie z prawa do sprzeciwu  <\/strong><strong><\/strong> <strong><br\/><br\/><\/strong><strong><\/strong><\/td><td><br\/>Obdarowanemu przys\u0142uguje prawo do wniesienia sprzeciwu wobec przetwarzania danych osobowych: elektronicznie na adres e-mail: info@goriffee.com <br\/>pisemnie na adres siedziby sp\u00f3\u0142ki Gab\u010d\u00edkov\u00e1 8, 841 05 Bratys\u0142awa W celu skorzystania z prawa do sprzeciwu wobec przetwarzania danych osobowych, obdarowany mo\u017ce skorzysta\u0107 ze wzoru wniosku, kt\u00f3ry jest dost\u0119pny <a href=\"%C5%BDiados%C5%A5%20namieta%C5%A5%20sprac%C3%BAvanie%20osobn%C3%BDch%20%C3%BAdajov\/Vzor%20%C5%BEiadosti%20namieta%C5%A5%20sprac%C3%BAvanie%20osobn%C3%BDch%20%C3%BAdajov.docx\">TUTAJ<\/a>. Je\u015bli darczy\u0144ca skorzysta z prawa do sprzeciwu, operator nie b\u0119dzie ju\u017c wysy\u0142a\u0142 prezentu &#8211; &#8220;subskrypcji kawy&#8221; do darczy\u0144cy.   <\/td><\/tr><tr><td><strong><br\/>\u0179r\u00f3d\u0142o danych osobowych<\/strong><strong><\/strong> <strong><br\/><br\/><\/strong><strong><\/strong><\/td><td><br\/>darczy\u0144ca, kt\u00f3ry poda\u0142 swoje dane osobowe w formularzu zam\u00f3wienia<br\/><br\/><\/td><\/tr><tr><td><strong><br\/>Kategoria os\u00f3b, kt\u00f3rych to dotyczy<br\/><br\/><\/strong><strong><\/strong><\/td><td><br\/>Uzdolniony<br\/><br\/><\/td><\/tr><tr><td><strong><br\/>Kategoria danych osobowych<br\/><br\/><\/strong><strong><\/strong><\/td><td>  <strong>Obdarowany:<\/strong> imi\u0119, nazwisko, adres dostawy, (powiat\/region, ulica, kod pocztowy, miasto)tel. <a>kontaktowy<\/a><a href=\"#_msocom_2\">[TJ2]<\/a>?<br\/><br\/><\/td><\/tr><tr><td><strong><br\/>Kategorie beneficjent\u00f3w  <\/strong><strong><\/strong><\/td><td><br\/>osoby upowa\u017cnione pozostaj\u0105ce z administratorem w stosunku umownym, podmioty, kt\u00f3rym administrator jest zobowi\u0105zany udost\u0119pni\u0107 dane osobowe na podstawie przepis\u00f3w prawa, przewo\u017anik zewn\u0119trzny &#8211; w przypadku wyboru dostawy towaru przez wybranego przewo\u017anika zewn\u0119trznego, administrator strony internetowej  <\/td><\/tr><tr><td><strong><br\/>Termin usuni\u0119cia danych osobowych<\/strong><strong><\/strong><\/td><td><br\/>1 miesi\u0105c po wyga\u015bni\u0119ciu subskrypcji lub w przypadku odmowy przyj\u0119cia prezentu &#8211; prenumerata kawy przez odbiorc\u0119\/prawo do sprzeciwu &#8211; 14 dni po nieodebraniu przesy\u0142ki od przewo\u017anika\/prawo do sprzeciwu  <\/td><\/tr><\/tbody><\/table><\/figure>\n\n<h2 class=\"wp-block-heading\"><a id=\"_Toc160623240\"><strong>SPRZEDA\u017b HURTOWA &#8211; SPRZEDA\u017b PRODUKT\u00d3W I US\u0141UG<\/strong><\/a><\/h2>\n\n<h3 class=\"wp-block-heading\"><a id=\"_Toc160623241\">Oferty cenowe<\/a><br\/><br\/><\/h3>\n\n<figure class=\"wp-block-table\"><table class=\"has-fixed-layout\"><tbody><tr><td><br\/><strong>Cel przetwarzania  <\/strong><strong><\/strong><\/td><td><br\/>przygotowywanie wycen dla klient\u00f3w<br\/><br\/><\/td><\/tr><tr><td><br\/><strong>Podstawa prawna<\/strong><strong><\/strong><\/td><td><br\/>stosunek przedumowny w rozumieniu art. 6 ust. 1 lit. b) RODO   <br\/><br\/><\/td><\/tr><tr><td><strong><br\/>Kategoria os\u00f3b, kt\u00f3rych to dotyczy<br\/><br\/><\/strong><strong><\/strong><\/td><td><br\/>potencjalni klienci, osoba upowa\u017cniona do dzia\u0142ania w imieniu potencjalnego klienta, osoba kontaktowa potencjalnego klienta  <br\/><br\/><\/td><\/tr><tr><td><strong><br\/>Kategoria danych osobowych<br\/><br\/><\/strong><strong><\/strong><\/td><td><br\/>imi\u0119, nazwisko, adres e-mail, numer telefonu, dane identyfikacyjne, je\u015bli klient jest osob\u0105 prawn\u0105 lub osob\u0105 samozatrudnion\u0105, na podstawie kt\u00f3rych mo\u017cna zidentyfikowa\u0107 dan\u0105 osob\u0119, przedmiot oferty   <br\/><br\/><\/td><\/tr><tr><td><strong><br\/>Kategorie beneficjent\u00f3w  <\/strong><strong><\/strong><\/td><td><br\/>upowa\u017cnionym osobom pozostaj\u0105cym z administratorem w stosunku umownym oraz podmiotom, kt\u00f3rym administrator jest zobowi\u0105zany udost\u0119pni\u0107 dane osobowe na mocy przepis\u00f3w prawa<br\/><br\/><\/td><\/tr><tr><td><strong><br\/>Termin usuni\u0119cia danych osobowych<\/strong><strong><\/strong><\/td><td><br\/>3 miesi\u0105ce od dostarczenia oferty potencjalnemu klientowi, osobie upowa\u017cnionej do dzia\u0142ania w imieniu potencjalnego klienta, osobie kontaktowej potencjalnego klienta  <\/td><\/tr><tr><td><strong>Przekazywanie danych osobowych do pa\u0144stw trzecich lub organizacji mi\u0119dzynarodowych<\/strong><strong><\/strong><\/td><td><br\/>nie wdro\u017cony<\/td><\/tr><\/tbody><\/table><\/figure>\n\n<h3 class=\"wp-block-heading\"><a id=\"_Toc160623242\">Umowy\/Zam\u00f3wienia<\/a><br\/><br\/><\/h3>\n\n<figure class=\"wp-block-table\"><table class=\"has-fixed-layout\"><tbody><tr><td><br\/><strong>Cel przetwarzania  <\/strong><strong><\/strong><\/td><td><br\/>zawieranie um\u00f3w\/zam\u00f3wie\u0144 i administrowanie stosunkami umownymi\/relacjami wynikaj\u0105cymi z zam\u00f3wie\u0144  <br\/><br\/><\/td><\/tr><tr><td><br\/><strong>Podstawa prawna<\/strong><strong><\/strong><\/td><td><br\/>stosunek umowny w rozumieniu art. 6 ust. 1 lit. b) RODO   <br\/><br\/><\/td><\/tr><tr><td><strong><br\/>Kategoria os\u00f3b, kt\u00f3rych to dotyczy<br\/><br\/><\/strong><strong><\/strong><\/td><td><br\/>klienci, osoba upowa\u017cniona do dzia\u0142ania w imieniu klienta<br\/><br\/><\/td><\/tr><tr><td><strong><br\/>Kategoria danych osobowych<br\/><br\/><\/strong><strong><\/strong><\/td><td><br\/>imi\u0119, nazwisko, ulica, miasto, kod pocztowy, (adres dostawy), e-mail, numer telefonu, dane identyfikacyjne, je\u015bli klient jest osob\u0105 prawn\u0105 lub osob\u0105 samozatrudnion\u0105, na podstawie kt\u00f3rych mo\u017cna zidentyfikowa\u0107 dan\u0105 osob\u0119, przedmiot zam\u00f3wienia\/umowy   <br\/><br\/><\/td><\/tr><tr><td><strong><br\/>Kategorie beneficjent\u00f3w  <\/strong><strong><\/strong><\/td><td><br\/>osobom upowa\u017cnionym pozostaj\u0105cym z administratorem w stosunku umownym, podmiotom, kt\u00f3rym administrator jest zobowi\u0105zany udost\u0119pni\u0107 dane osobowe na podstawie przepis\u00f3w prawa, przewo\u017anikowi zewn\u0119trznemu &#8211; w przypadku wyboru dostawy towaru przez wybranego przewo\u017anika zewn\u0119trznego  <\/td><\/tr><tr><td><strong><br\/>Termin usuni\u0119cia danych osobowych<\/strong><strong><\/strong><\/td><td><br\/>10 lat od zako\u0144czenia stosunku umownego  <\/td><\/tr><tr><td><strong> <\/strong> <strong>Przekazywanie danych osobowych do pa\u0144stw trzecich lub organizacji mi\u0119dzynarodowych<\/strong><strong><\/strong> <strong> <\/strong><\/td><td><br\/>nie wdro\u017cony<\/td><\/tr><\/tbody><\/table><\/figure>\n\n<h3 class=\"wp-block-heading\"><a id=\"_Toc160623243\">Ewidencja klient\u00f3w i os\u00f3b kontaktowych<\/a><br\/><br\/><\/h3>\n\n<figure class=\"wp-block-table\"><table class=\"has-fixed-layout\"><tbody><tr><td><br\/><strong>Cel przetwarzania  <\/strong><strong><\/strong><\/td><td><br\/>rejestracja klient\u00f3w i os\u00f3b kontaktowych<br\/><br\/><\/td><\/tr><tr><td><br\/><strong>Podstawa prawna<\/strong><strong><\/strong><\/td><td><br\/>uzasadniony interes w rozumieniu art. 6(1)(f) RODO. G\u0142\u00f3wnym uzasadnionym interesem jest skuteczne dostarczanie komunikacji biznesowej.      <br\/><br\/><\/td><\/tr><tr><td><strong><br\/>Kategoria os\u00f3b, kt\u00f3rych to dotyczy<br\/><br\/><\/strong><strong><\/strong><\/td><td><br\/>klienci, osoba upowa\u017cniona do dzia\u0142ania w imieniu klienta, osoba kontaktowa klienta<br\/><br\/><\/td><\/tr><tr><td><strong><br\/>Kategoria danych osobowych<br\/><br\/><\/strong><strong><\/strong><\/td><td><br\/>imi\u0119, nazwisko, adres e-mail, numer telefonu, (dane identyfikacyjne firmy, na podstawie kt\u00f3rych mo\u017cna zidentyfikowa\u0107 osob\u0119, kt\u00f3rej dane dotycz\u0105 &#8211; tylko w przypadku os\u00f3b prawnych) <br\/><br\/><\/td><\/tr><tr><td><strong><br\/>Kategorie beneficjent\u00f3w  <\/strong><strong><\/strong><\/td><td><br\/>upowa\u017cnionym osobom pozostaj\u0105cym z administratorem w stosunku umownym, podmiotom, kt\u00f3rym administrator jest zobowi\u0105zany udost\u0119pni\u0107 dane osobowe na mocy przepis\u00f3w prawa  <\/td><\/tr><tr><td><strong><br\/>Termin usuni\u0119cia danych osobowych<\/strong><strong><\/strong><\/td><td><br\/>po zako\u0144czeniu stosunku umownego  <\/td><\/tr><tr><td><strong> <\/strong> <strong>Przekazywanie danych osobowych do pa\u0144stw trzecich lub organizacji mi\u0119dzynarodowych<\/strong><strong><\/strong><\/td><td><br\/>nie wdro\u017cony<\/td><\/tr><\/tbody><\/table><\/figure>\n\n<h3 class=\"wp-block-heading\"><a id=\"_Toc160623244\">Skargi<\/a><br\/><br\/><\/h3>\n\n<figure class=\"wp-block-table\"><table class=\"has-fixed-layout\"><tbody><tr><td><a><br\/><strong>Cel przetwarzania  <\/strong><\/a><strong><\/strong><\/td><td><br\/>rejestracja i rozpatrywanie skarg<\/td><\/tr><tr><td><br\/><strong>Podstawa prawna<\/strong><strong><\/strong><\/td><td><br\/>stosunek umowny w rozumieniu art. 6 ust. 1 lit. b) rozporz\u0105dzenia   <\/td><\/tr><tr><td><strong><br\/>Kategoria os\u00f3b, kt\u00f3rych to dotyczy<br\/><br\/><\/strong><strong><\/strong><\/td><td><br\/>klienci, osoba upowa\u017cniona do dzia\u0142ania w imieniu klienta, je\u017celi klient jest osob\u0105 prawn\u0105<br\/><br\/><\/td><\/tr><tr><td><strong><br\/>Kategoria danych osobowych<br\/><br\/><\/strong><strong><\/strong><\/td><td><br\/>imi\u0119, nazwisko, e-mail, dane identyfikacyjne PO\/CN, dane osobowe dotycz\u0105ce przedmiotu reklamacji zgodnie z zasad\u0105 minimalizacji, dane okre\u015blone w zam\u00f3wieniu\/umowie<\/td><\/tr><tr><td><strong><br\/>Kategorie beneficjent\u00f3w  <\/strong><strong><\/strong><\/td><td><br\/>osobom upowa\u017cnionym pozostaj\u0105cym z administratorem w stosunku umownym, podmiotom, kt\u00f3rym administrator jest zobowi\u0105zany udost\u0119pni\u0107 dane osobowe na mocy przepis\u00f3w prawa<\/td><\/tr><tr><td><strong><br\/>Termin usuni\u0119cia danych osobowych<\/strong><strong><\/strong><\/td><td><br\/>2 lata od rozpatrzenia skargi  <\/td><\/tr><tr><td><strong> <\/strong> <strong>Przekazywanie danych osobowych do pa\u0144stw trzecich lub organizacji mi\u0119dzynarodowych<\/strong><strong><\/strong> <strong> <\/strong><\/td><td><br\/>nie wdro\u017cony  <\/td><\/tr><\/tbody><\/table><\/figure>\n\n<h2 class=\"wp-block-heading\"><a id=\"_Toc160623245\"><strong>OBOWI\u0104ZKI KSI\u0118GOWE I PODATKOWE<\/strong><\/a><strong> <\/strong><\/h2>\n\n<h3 class=\"wp-block-heading\"><br\/><a id=\"_Toc160623246\">Zgodno\u015b\u0107 z obowi\u0105zkami prawnymi w zakresie rachunkowo\u015bci i podatk\u00f3w<\/a> <br\/><br\/><\/h3>\n\n<figure class=\"wp-block-table\"><table class=\"has-fixed-layout\"><tbody><tr><td><strong><br\/>Cel przetwarzania  <\/strong><strong><\/strong><\/td><td><br\/>wype\u0142nianie obowi\u0105zk\u00f3w prawnych w zakresie opodatkowania i rachunkowo\u015bci w obszarze stosunk\u00f3w gospodarczych<br\/><br\/><\/td><\/tr><tr><td><strong><br\/>Podstawa prawna<\/strong><strong><\/strong><\/td><td><br\/>Ustawa nr 431\/2002 Dz.U. o rachunkowo\u015bci, Ustawa nr 595\/2003 Dz.U. o podatku dochodowym z p\u00f3\u017aniejszymi zmianami   <\/td><\/tr><tr><td><strong><br\/>Kategoria os\u00f3b, kt\u00f3rych to dotyczy<br\/><br\/><\/strong><strong><\/strong><\/td><td><br\/>klienci, osoby upowa\u017cnione do dzia\u0142ania w imieniu klient\u00f3w<\/td><\/tr><tr><td><strong><br\/>Kategoria danych osobowych<br\/><br\/><\/strong><strong><\/strong><\/td><td><br\/>imi\u0119, nazwisko, numer konta bankowego (lub e-mail), dane dotycz\u0105ce p\u0142atno\u015bci, dane identyfikacyjne firmy, na podstawie kt\u00f3rych mo\u017cna zidentyfikowa\u0107 osob\u0119, kt\u00f3rej dane dotycz\u0105, je\u017celi klient jest osob\u0105 prawn\u0105,<\/td><\/tr><tr><td><strong><br\/>Kategorie beneficjent\u00f3w  <\/strong><strong><\/strong><\/td><td><br\/>osoby upowa\u017cnione pozostaj\u0105ce z administratorem w stosunku umownym, podmioty, kt\u00f3rym administrator ma obowi\u0105zek przekazywania danych osobowych na mocy przepis\u00f3w prawa, podmiot przetwarzaj\u0105cy zapewniaj\u0105cy wykonanie obowi\u0105zk\u00f3w prawnych ci\u0105\u017c\u0105cych na administratorze, administrator strony internetowej<\/td><\/tr><tr><td><strong><br\/>Termin usuni\u0119cia danych osobowych<\/strong><strong><\/strong><\/td><td><br\/>10 lat od wype\u0142nienia obowi\u0105zku prawnego  <\/td><\/tr><tr><td><strong>Przekazywanie danych osobowych do pa\u0144stw trzecich lub organizacji mi\u0119dzynarodowych<\/strong><strong><\/strong><\/td><td>  nie wdro\u017cony<\/td><\/tr><\/tbody><\/table><\/figure>\n\n<h2 class=\"wp-block-heading\"><a id=\"_Toc160623247\"><strong>MARKETING<\/strong><\/a><strong><\/strong><\/h2>\n\n<h3 class=\"wp-block-heading\"><br\/><a id=\"_Toc160623248\">NEWSLETTER &#8211; wysy\u0142anie informacji o produktach, us\u0142ugach i nowo\u015bciach goriffee<\/a>       <br\/><br\/><\/h3>\n\n<figure class=\"wp-block-table\"><table class=\"has-fixed-layout\"><tbody><tr><td><br\/><strong>Cel przetwarzania  <\/strong><strong><\/strong><\/td><td><br\/>wysy\u0142anie informacji o produktach, us\u0142ugach i nowo\u015bciach <em>GORIFFEE<\/em> &#8211; promocja firmy  <\/td><\/tr><tr><td><br\/><strong>Podstawa prawna<\/strong><strong><\/strong><\/td><td><br\/>zgoda osoby, kt\u00f3rej dane dotycz\u0105, w rozumieniu art. 6 ust. 1 lit. a) RODO     <br\/><br\/><\/td><\/tr><tr><td><strong><br\/>Kategoria os\u00f3b, kt\u00f3rych to dotyczy<br\/><br\/><\/strong><strong><\/strong><\/td><td><br\/>osoby zainteresowane subskrypcj\u0105 newslettera, osoby zainteresowane produktami lub us\u0142ugami<br\/><br\/><\/td><\/tr><tr><td><strong><br\/>Kategoria danych osobowych<br\/><br\/><\/strong><strong><\/strong><\/td><td><br\/>imi\u0119 i nazwisko, e-mail  <br\/><br\/><\/td><\/tr><tr><td><strong><br\/>Kategorie beneficjent\u00f3w  <\/strong><strong><\/strong><\/td><td><br\/>upowa\u017cnione osoby pozostaj\u0105ce z administratorem w stosunku umownym, podmioty, kt\u00f3rym administrator jest zobowi\u0105zany udost\u0119pni\u0107 dane osobowe na mocy przepis\u00f3w prawa, administracja strony internetowej, firma zajmuj\u0105ca si\u0119 komunikacj\u0105 marketingow\u0105  <\/td><\/tr><tr><td><strong><br\/>Termin usuni\u0119cia danych osobowych<\/strong><strong><\/strong><\/td><td><br\/>5 lat po wyra\u017ceniu zgody  <\/td><\/tr><tr><td><strong> <\/strong> <strong>Przekazywanie danych osobowych do pa\u0144stw trzecich lub organizacji mi\u0119dzynarodowych<\/strong><strong><\/strong> <strong> <\/strong><\/td><td><br\/>nie wdro\u017cony<\/td><\/tr><\/tbody><\/table><\/figure>\n\n<h3 class=\"wp-block-heading\"><a id=\"_Toc160623249\">Docieranie do klient\u00f3w z ofertami podobnych towar\u00f3w lub us\u0142ug, kt\u00f3re zakupili.<\/a> <br\/><br\/><\/h3>\n\n<figure class=\"wp-block-table\"><table class=\"has-fixed-layout\"><tbody><tr><td><br\/><strong>Cel przetwarzania  <\/strong><strong><\/strong><\/td><td><br\/>zwracanie si\u0119 do klient\u00f3w z ofertami podobnych towar\u00f3w lub us\u0142ug GORIFFEE, kt\u00f3re klienci zakupili od GORIFFEE.   <br\/><br\/><\/td><\/tr><tr><td><br\/><strong>Podstawa prawna<\/strong><strong><\/strong><\/td><td><br\/>uzasadniony interes w rozumieniu art. 6 ust. 1 lit. f) RODO. G\u0142\u00f3wnym prawnie uzasadnionym interesem jest prowadzenie marketingu bezpo\u015bredniego\/sk\u0142adanie indywidualnych ofert klientom.      <br\/><br\/><\/td><\/tr><tr><td><strong><br\/>Kategoria os\u00f3b, kt\u00f3rych to dotyczy<br\/><br\/><\/strong><strong><\/strong><\/td><td><br\/>klienci, osoba upowa\u017cniona do dzia\u0142ania w imieniu klienta, je\u017celi klient jest osob\u0105 prawn\u0105  <br\/><br\/><\/td><\/tr><tr><td><strong><br\/>Kategoria danych osobowych<br\/><br\/><\/strong><strong><\/strong><\/td><td><br\/>imi\u0119, nazwisko, e-mail, numer telefonu, dane dotycz\u0105ce poprzednich zakup\u00f3w w GORIFFEE (dane z zam\u00f3wie\u0144, w tym przedmiot zam\u00f3wienia), dane uzyskane przy zawarciu stosunku umownego   <br\/><br\/><\/td><\/tr><tr><td><strong><br\/>Kategorie beneficjent\u00f3w  <\/strong><strong><\/strong><\/td><td><br\/>upowa\u017cnione osoby pozostaj\u0105ce z administratorem w stosunku umownym oraz podmioty, kt\u00f3rym administrator jest zobowi\u0105zany udost\u0119pni\u0107 dane osobowe na mocy przepis\u00f3w prawa, administracja strony internetowej, firma zajmuj\u0105ca si\u0119 komunikacj\u0105 marketingow\u0105<br\/><br\/><\/td><\/tr><tr><td><strong><br\/>Termin usuni\u0119cia danych osobowych<\/strong><strong><\/strong><\/td><td><strong><br\/><\/strong>do zako\u0144czenia stosunku umownego  <strong> <\/strong><\/td><\/tr><tr><td><strong> <\/strong> <strong>Przekazywanie danych osobowych do pa\u0144stw trzecich lub organizacji mi\u0119dzynarodowych<\/strong><strong><\/strong> <strong> <\/strong><\/td><td><br\/>nie wdro\u017cony<\/td><\/tr><\/tbody><\/table><\/figure>\n\n<h3 class=\"wp-block-heading\"><a id=\"_Toc160623250\">Kwestionariusz satysfakcji<\/a>  <br\/><br\/><\/h3>\n\n<figure class=\"wp-block-table\"><table class=\"has-fixed-layout\"><tbody><tr><td><br\/><strong>Cel przetwarzania  <\/strong><strong><\/strong><\/td><td><br\/>wys\u0142anie kwestionariusza satysfakcji w celu uzyskania informacji zwrotnej i poprawy us\u0142ug<br\/><br\/><\/td><\/tr><tr><td><br\/><strong>Podstawa prawna<\/strong><strong><\/strong><\/td><td><br\/>uzasadniony interes w rozumieniu art. 6(1)(f) RODO. G\u0142\u00f3wnym uzasadnionym interesem jest zapewnienie poprawy \u015bwiadczonych us\u0142ug.      <br\/><br\/><\/td><\/tr><tr><td><strong><br\/>Kategoria os\u00f3b, kt\u00f3rych to dotyczy<br\/><br\/><\/strong><strong><\/strong><\/td><td><br\/>klienci, osoby upowa\u017cnione do dzia\u0142ania w imieniu klient\u00f3w, osoby kontaktowe klient\u00f3w<br\/><br\/><\/td><\/tr><tr><td><strong><br\/>Kategoria danych osobowych<br\/><br\/><\/strong><strong><\/strong><\/td><td> <br\/>e-mail, dane w rozumieniu realizowanego zam\u00f3wienia<\/td><\/tr><tr><td><strong><br\/>Kategorie beneficjent\u00f3w  <\/strong><strong><\/strong><\/td><td><br\/>upowa\u017cnionym osobom pozostaj\u0105cym z administratorem w stosunku umownym, podmiotom, kt\u00f3rym administrator jest zobowi\u0105zany udost\u0119pni\u0107 dane osobowe na podstawie przepis\u00f3w prawa, partnerowi wysy\u0142aj\u0105cemu ankiet\u0119 satysfakcji<\/td><\/tr><tr><td><strong><br\/>Termin usuni\u0119cia danych osobowych<\/strong><strong><\/strong><\/td><td><br\/>po zrealizowaniu uzasadnienia biznesowego  <\/td><\/tr><tr><td><strong> <\/strong> <strong>Przekazywanie danych osobowych do pa\u0144stw trzecich lub organizacji mi\u0119dzynarodowych<\/strong><strong><\/strong> <strong> <\/strong><\/td><td><br\/>nie wdro\u017cony<\/td><\/tr><\/tbody><\/table><\/figure>\n\n<h2 class=\"wp-block-heading\"><a id=\"_Toc160623251\"><strong>SIECI SPO\u0141ECZNO\u015aCIOWE<\/strong><\/a><strong><\/strong><\/h2>\n\n<h3 class=\"wp-block-heading\"><br\/><a id=\"_Toc160623252\">Komunikacja<\/a><br\/><br\/><\/h3>\n\n<figure class=\"wp-block-table\"><table class=\"has-fixed-layout\"><tbody><tr><td><br\/><strong>Cel przetwarzania  <\/strong><strong><\/strong><\/td><td><br\/>zapewnienie komunikacji za po\u015brednictwem sieci spo\u0142eczno\u015bciowych<br\/><br\/><\/td><\/tr><tr><td><br\/><strong>Podstawa prawna<\/strong><strong><\/strong><\/td><td><br\/>uzasadniony interes w rozumieniu art. 6 ust. 1 lit. f) RODO. G\u0142\u00f3wnym uzasadnionym interesem jest zapewnienie skutecznej komunikacji    <br\/><br\/><\/td><\/tr><tr><td><strong><br\/>Kategoria os\u00f3b, kt\u00f3rych to dotyczy<br\/><br\/><\/strong><strong><\/strong><\/td><td><br\/>osoby zainteresowane informacjami<br\/><br\/><\/td><\/tr><tr><td><strong><br\/>Kategoria danych osobowych<br\/><br\/><\/strong><strong><\/strong><\/td><td><br\/>dane przekazywane podczas komunikacji za po\u015brednictwem sieci spo\u0142eczno\u015bciowych<br\/><br\/><\/td><\/tr><tr><td><strong><br\/>Kategorie beneficjent\u00f3w  <\/strong><strong><\/strong><\/td><td><br\/>upowa\u017cnione osoby pozostaj\u0105ce w stosunku umownym z administratorem, podmioty, kt\u00f3rym administrator jest zobowi\u0105zany udost\u0119pni\u0107 dane osobowe na mocy przepis\u00f3w prawa, operator sieci spo\u0142eczno\u015bciowej, partner zarz\u0105dzaj\u0105cy sieci\u0105 spo\u0142eczno\u015bciow\u0105, firma zajmuj\u0105ca si\u0119 komunikacj\u0105 marketingow\u0105  <\/td><\/tr><tr><td><strong><br\/>Termin usuni\u0119cia danych osobowych<\/strong><strong><\/strong><\/td><td><br\/>przez ca\u0142y okres aktywnego korzystania z konta w mediach spo\u0142eczno\u015bciowych  <\/td><\/tr><tr><td><strong>Przekazywanie danych osobowych do pa\u0144stw trzecich lub organizacji mi\u0119dzynarodowych<\/strong><strong><\/strong> <strong> <\/strong><\/td><td><br\/>nie wdro\u017cony<\/td><\/tr><\/tbody><\/table><\/figure>\n\n<h2 class=\"wp-block-heading\"><a id=\"_Toc160623253\"><strong>KONKURSY<\/strong><\/a><strong><\/strong><\/h2>\n\n<h3 class=\"wp-block-heading\"><br\/><a id=\"_Toc160623254\">Zapewnienie konkurs\u00f3w konsumenckich<\/a>  <br\/><br\/><\/h3>\n\n<figure class=\"wp-block-table\"><table class=\"has-fixed-layout\"><tbody><tr><td><br\/><strong>Cel przetwarzania  <\/strong><strong><\/strong><\/td><td><br\/>zapewnienie przeprowadzenia konkursu, poinformowanie zwyci\u0119zc\u00f3w o nagrodzie oraz dostarczenie nagrody zgodnie ze statutem konkursu<br\/><br\/><\/td><\/tr><tr><td><br\/><strong>Podstawa prawna<\/strong><strong><\/strong><\/td><td><br\/>zgoda osoby, kt\u00f3rej dane dotycz\u0105, w rozumieniu art. 6 ust. 1 lit. a) RODO   <br\/><br\/><\/td><\/tr><tr><td><strong><br\/>Kategoria os\u00f3b, kt\u00f3rych to dotyczy<br\/><br\/><\/strong><strong><\/strong><\/td><td><br\/>uczestnicy konkursu<br\/><br\/><\/td><\/tr><tr><td><strong><br\/>Kategoria danych osobowych<br\/><br\/><\/strong><strong><\/strong><\/td><td><br\/><a>imi\u0119 i nazwisko, e-mail, numer telefonu, adres dostawy w przypadku wygranej w konkursie <\/a><br\/><br\/><\/td><\/tr><tr><td><strong><br\/>Kategorie beneficjent\u00f3w  <\/strong><strong><\/strong><\/td><td><br\/>upowa\u017cnione osoby pozostaj\u0105ce z administratorem w stosunku umownym, podmioty, kt\u00f3rym administrator jest zobowi\u0105zany udost\u0119pni\u0107 dane osobowe na mocy przepis\u00f3w prawa, administracja strony internetowej, firma zajmuj\u0105ca si\u0119 komunikacj\u0105 marketingow\u0105  <\/td><\/tr><tr><td><strong><br\/>Termin usuni\u0119cia danych osobowych<\/strong><strong><\/strong><\/td><td><br\/>1 miesi\u0105c od og\u0142oszenia wynik\u00f3w konkursu  <\/td><\/tr><tr><td><strong> <\/strong> <strong>Przekazywanie danych osobowych do pa\u0144stw trzecich lub organizacji mi\u0119dzynarodowych<\/strong><strong><\/strong><\/td><td><br\/>nie wdro\u017cony<\/td><\/tr><\/tbody><\/table><\/figure>\n\n<h2 class=\"wp-block-heading\"><a id=\"_Toc160623255\"><strong>WYKONYWANIE PRAW OS\u00d3B, KT\u00d3RYCH DANE DOTYCZ\u0104 &#8211; OCHRONA DANYCH OSOBOWYCH<\/strong><\/a><strong><\/strong><br\/><br\/><strong><\/strong><\/h2>\n\n<figure class=\"wp-block-table\"><table class=\"has-fixed-layout\"><tbody><tr><td><br\/><strong>Cel przetwarzania  <\/strong><strong><\/strong><\/td><td><br\/>rejestry wykonanych praw os\u00f3b, kt\u00f3rych dane dotycz\u0105, i narusze\u0144 ochrony zgodnie z ustaw\u0105 nr 18\/2018 Coll. o ochronie danych osobowych oraz o zmianach i poprawkach do niekt\u00f3rych ustaw, rejestry wykonanych praw os\u00f3b, kt\u00f3rych dane dotycz\u0105, zgodnie z rozdzia\u0142em III oraz powiadomienia zgodnie z art. 33 i 34 rozporz\u0105dzenia 2016\/679 w sprawie ochrony os\u00f3b fizycznych w zwi\u0105zku z przetwarzaniem danych osobowych i swobodnym przep\u0142ywem takich danych   <br\/><br\/><\/td><\/tr><tr><td><br\/><strong>Podstawa prawna<\/strong><strong><\/strong><\/td><td><br\/>uzasadniony interes w rozumieniu art. 6 ust. 1 lit. f) RODO. G\u0142\u00f3wnym uzasadnionym interesem jest rejestrowanie wykonywanych praw i powiadomie\u0144 o naruszeniach danych osobowych    <br\/><br\/><\/td><\/tr><tr><td><strong><br\/>Kategoria os\u00f3b, kt\u00f3rych to dotyczy<br\/><br\/><\/strong><strong><\/strong><\/td><td><br\/>podmioty danych, kt\u00f3rych dotyczy wniosek o wykonanie prawa; podmioty danych, kt\u00f3rych dotyczy naruszenie ochrony danych osobowych<br\/><br\/><\/td><\/tr><tr><td><strong><br\/>Kategoria danych osobowych<br\/><br\/><\/strong><strong><\/strong><\/td><td><br\/>dane istotne dla korzystania z prawa, dane, kt\u00f3re zg\u0142aszaj\u0105cy musi poda\u0107 przy zg\u0142aszaniu naruszenia<br\/><br\/><\/td><\/tr><tr><td><strong><br\/>Kategorie beneficjent\u00f3w  <\/strong><strong><\/strong><\/td><td><br\/>osobom upowa\u017cnionym pozostaj\u0105cym z administratorem w stosunku umownym, podmiotom, kt\u00f3rym administrator jest zobowi\u0105zany udost\u0119pni\u0107 dane osobowe na mocy przepis\u00f3w prawa<\/td><\/tr><tr><td><strong><br\/>Termin usuni\u0119cia danych osobowych<\/strong><strong><\/strong><\/td><td><br\/>w ci\u0105gu 6 miesi\u0119cy od up\u0142ywu 5 lat od wykonania prawa lub wyst\u0105pienia naruszenia ochrony danych osobowych   <\/td><\/tr><tr><td><strong>Przekazywanie danych osobowych do pa\u0144stw trzecich lub organizacji mi\u0119dzynarodowych<\/strong><strong><\/strong> <strong> <\/strong><\/td><td><br\/>nie wdro\u017cony<\/td><\/tr><\/tbody><\/table><\/figure>\n\n<h2 class=\"wp-block-heading\"><a id=\"_Toc160623256\"><strong>DOCHODZENIE ROSZCZE\u0143 PRAWNYCH<\/strong><\/a><strong><br\/><br\/><\/strong><\/h2>\n\n<figure class=\"wp-block-table\"><table class=\"has-fixed-layout\"><tbody><tr><td><br\/><strong>Cel przetwarzania  <\/strong><strong><\/strong><\/td><td><br\/>dochodzenie roszcze\u0144 prawnych wynikaj\u0105cych ze stosunk\u00f3w umownych<br\/><br\/><\/td><\/tr><tr><td><br\/><strong>Podstawa prawna<\/strong><strong><\/strong><\/td><td><br\/>prawnie uzasadniony interes w rozumieniu art. 6 ust. 1 lit. f) RODO. G\u0142\u00f3wnym uzasadnionym interesem jest dochodzenie roszcze\u0144 prawnych.    <br\/><br\/><\/td><\/tr><tr><td><strong><br\/>Kategoria os\u00f3b, kt\u00f3rych to dotyczy<br\/><br\/><\/strong><strong><\/strong><\/td><td><br\/>klienci, osoby upowa\u017cnione do dzia\u0142ania w imieniu klient\u00f3w<br\/><br\/><\/td><\/tr><tr><td><strong><br\/>Kategoria danych osobowych<br\/><br\/><\/strong><strong><\/strong><\/td><td><br\/>imi\u0119, nazwisko, tytu\u0142, funkcja, e-mail, numer telefonu, dane identyfikacyjne firmy, na podstawie kt\u00f3rych mo\u017cna zidentyfikowa\u0107 osob\u0119, kt\u00f3rej dane dotycz\u0105, je\u017celi klient jest osob\u0105 prawn\u0105, dane okre\u015blone w zam\u00f3wieniu\/umowie <br\/><br\/><\/td><\/tr><tr><td><strong><br\/>Kategorie beneficjent\u00f3w  <\/strong><strong><\/strong><\/td><td><br\/>upowa\u017cnionym osobom pozostaj\u0105cym z administratorem w stosunku umownym, podmiotom, kt\u00f3rym administrator jest zobowi\u0105zany udost\u0119pni\u0107 dane osobowe na mocy przepis\u00f3w prawa  <\/td><\/tr><tr><td><strong><br\/>Termin usuni\u0119cia danych osobowych<\/strong><strong><\/strong><\/td><td><br\/>w przypadku prawa do odszkodowania, termin przedawnienia biegnie od dnia, w kt\u00f3rym poszkodowany dowiedzia\u0142 si\u0119 lub m\u00f3g\u0142 si\u0119 dowiedzie\u0107 o szkodzie i o tym, kto jest zobowi\u0105zany do jej naprawienia (termin podmiotowy), ale ko\u0144czy si\u0119 nie p\u00f3\u017aniej ni\u017c 10 lat od dnia, w kt\u00f3rym nast\u0105pi\u0142o naruszenie obowi\u0105zku.  <\/td><\/tr><tr><td><strong>Przekazywanie danych osobowych do pa\u0144stw trzecich lub organizacji mi\u0119dzynarodowych<\/strong><strong><\/strong><\/td><td><br\/>nie wdro\u017cony<\/td><\/tr><\/tbody><\/table><\/figure>\n\n<h2 class=\"wp-block-heading\"><a id=\"_Toc160623257\"><strong>RAPORT SIECIOWY<\/strong><\/a><strong><\/strong><\/h2>\n\n<figure class=\"wp-block-table\"><table class=\"has-fixed-layout\"><tbody><tr><td><a><\/a><strong> <\/strong> <strong>Cel przetwarzania  <\/strong><strong><\/strong><\/td><td><br\/>administracja sieci\u0105 (bezpiecze\u0144stwo sieci, bezpiecze\u0144stwo informacji)  <\/td><\/tr><tr><td><br\/><strong>Podstawa prawna<\/strong><strong><\/strong><\/td><td><br\/>uzasadniony interes w rozumieniu art. 6 ust. 1 lit. f) Rozporz\u0105dzenia. G\u0142\u00f3wnym uzasadnionym interesem jest zapewnienie bezpiecze\u0144stwa informacji i sieci    <br\/><br\/><\/td><\/tr><tr><td><strong><br\/>Kategoria danych osobowych<br\/><br\/><\/strong><strong><\/strong><\/td><td><br\/>dane osobowe przechowywane na wyznaczonych stacjach roboczych, dane osobowe w formie elektronicznej, kt\u00f3rych przetwarzanie jest niezb\u0119dne do w\u0142a\u015bciwego zabezpieczenia informacji i bezpiecze\u0144stwa sieci<br\/><br\/><\/td><\/tr><tr><td><strong><br\/>Termin usuni\u0119cia danych osobowych<br\/><br\/><\/strong><strong><\/strong><\/td><td><br\/>w zale\u017cno\u015bci od operacji przetwarzania<br\/><br\/><\/td><\/tr><tr><td><strong><br\/><br\/>Kategorie beneficjent\u00f3w  <\/strong><strong><\/strong><\/td><td><br\/>podmioty, kt\u00f3rym administrator zobowi\u0105zany jest udost\u0119pni\u0107 dane osobowe na mocy przepis\u00f3w prawa, osoby upowa\u017cnione oraz inne osoby pozostaj\u0105ce z administratorem w stosunku umownym, partner zarz\u0105dzaj\u0105cy IT<br\/><br\/><\/td><\/tr><tr><td><strong><br\/>Kategoria os\u00f3b, kt\u00f3rych to dotyczy<\/strong><strong><\/strong> <strong> <\/strong><\/td><td><br\/>osoby, kt\u00f3rych dane osobowe s\u0105 przetwarzane w kontek\u015bcie elektronicznego przetwarzania danych (powy\u017csze dotyczy wszystkich os\u00f3b, kt\u00f3rych dane dotycz\u0105, zgodnie z definicj\u0105 zawart\u0105 w niniejszej polityce przetwarzania danych osobowych)  <\/td><\/tr><tr><td><strong><br\/>Przekazywanie danych osobowych do pa\u0144stw trzecich lub organizacji mi\u0119dzynarodowych<\/strong><strong><\/strong> <strong> <\/strong><\/td><td><br\/><br\/>nie wdro\u017cony<\/td><\/tr><\/tbody><\/table><\/figure>\n\n<hr class=\"wp-block-separator has-alpha-channel-opacity\"\/>\n\n<p><a id=\"_msocom_1\"><\/a><\/p>\n","protected":false},"excerpt":{"rendered":"<p>Zasady przetwarzania danych osobowych Kto przetwarza dane osobowe u\u017cytkownika ? Dane osobowe u\u017cytkownika s\u0105 przetwarzane przez sp\u00f3\u0142k\u0119 Goriffee s. r. o. Gab\u010d\u00edkov\u00e1 8, 841 05 Bratys\u0142awa, nr identyfikacyjny: 46 289 305, zarejestrowana w Rejestrze Handlowym S\u0105du Miejskiego w Bratys\u0142awie III, sekcja Sro, nr wpisu 74964\/B (zwana dalej&#8220;operatorem&#8221;). Przetwarzaj\u0105c dane osobowe przez administratora, u\u017cytkownik zajmuje pozycj\u0119 osoby , kt\u00f3rej dane dotycz\u0105, tj. osoby, kt\u00f3rej dotycz\u0105 przetwarzane dane osobowe. Twoje dane osobowe b\u0119d\u0105 przetwarzane w spos\u00f3b bezpieczny, zgodnie z polityk\u0105 bezpiecze\u0144stwa administratora. Jakie prawa przys\u0142uguj\u0105 osobie, kt\u00f3rej dane dotycz\u0105? Je\u015bli podanie danych osobowych jest wymogiem prawnym\/umownym, u\u017cytkownik jako osoba, kt\u00f3rej dane dotycz\u0105, jest zobowi\u0105zany do podania tych danych osobowych. Niepodanie danych osobowych niezb\u0119dnych do zawarcia umowy mo\u017ce spowodowa\u0107, \u017ce stosunek umowny nie zostanie zawarty. W przypadku sprzeciwu wobec przetwarzania danych osobowych, u\u017cytkownik ma prawo z\u0142o\u017cy\u0107 skarg\u0119 lub wniosek na pi\u015bmie w siedzibie sp\u00f3\u0142ki pod adresem Gab\u010d\u00edkov\u00e1 8, 841 05 Bratys\u0142awa lub poczt\u0105 elektroniczn\u0105 na adres e-mail: info@goriffee.com. Administrator nie b\u0119dzie wykorzystywa\u0142 danych osobowych u\u017cytkownika do zautomatyzowanego podejmowania indywidualnych decyzji, w tym profilowania. U\u017cytkownik mo\u017ce skorzysta\u0107 z naszych przyk\u0142adowych formularzy, aby skorzysta\u0107 z niekt\u00f3rych przys\u0142uguj\u0105cych mu praw. Administrator nie przekazuje danych osobowych do pa\u0144stw trzecich ani organizacji mi\u0119dzynarodowych. E-SHOP Formularz kontaktowy Cel przetwarzania komunikacja za po\u015brednictwem internetowego formularza kontaktowego, obs\u0142uga zg\u0142osze\u0144 Podstawa prawna uzasadniony interes w rozumieniu art. 6 ust. 1 lit. f) RODO. G\u0142\u00f3wnym uzasadnionym interesem jest zapewnienie skutecznej komunikacji za po\u015brednictwem strony internetowej Kategoria os\u00f3b, kt\u00f3rych to dotyczy osoby poszukuj\u0105ce informacji Kategoria danych osobowych dane obowi\u0105zkowe:imi\u0119 i nazwisko, adres e-mail, temat zapytania, temat wiadomo\u015bci, dane opcjonalne:nazwisko Kategorie beneficjent\u00f3w upowa\u017cnione osoby pozostaj\u0105ce z administratorem w stosunku umownym, podmioty, kt\u00f3rym administrator jest zobowi\u0105zany udost\u0119pni\u0107 dane osobowe na mocy przepis\u00f3w prawa, administracja strony internetowej, firma zajmuj\u0105ca si\u0119 komunikacj\u0105 marketingow\u0105 Termin usuni\u0119cia danych osobowych 10 dni od ko\u0144ca miesi\u0105ca, w kt\u00f3rym otrzymano wniosek Przekazywanie danych osobowych do pa\u0144stw trzecich lub organizacji mi\u0119dzynarodowych nie wdro\u017cony Rejestr Cel przetwarzania rejestracja zarejestrowanych cz\u0142onk\u00f3w sklepu internetowego, zarz\u0105dzanie zarejestrowanymi kontami Podstawa prawna zgoda osoby, kt\u00f3rej dane dotycz\u0105, w rozumieniu art. 6 lit. a) RODO Kategoria os\u00f3b, kt\u00f3rych to dotyczy zarejestrowani cz\u0142onkowie Kategoria danych osobowych imi\u0119, nazwisko, e-mail, login (has\u0142o)po rejestracji przetwarzane b\u0119d\u0105 dane dotycz\u0105ce zakup\u00f3w\/zam\u00f3wie\u0144 Kategorie beneficjent\u00f3w upowa\u017cnionym osobom pozostaj\u0105cym z administratorem w stosunku umownym, podmiotom, kt\u00f3rym administrator jest zobowi\u0105zany udost\u0119pni\u0107 dane osobowe na podstawie przepis\u00f3w prawa, administratorowi strony internetowej Termin usuni\u0119cia danych osobowych 60 miesi\u0119cy od daty ostatniej rejestracji zarejestrowanego cz\u0142onka Przekazywanie danych osobowych do pa\u0144stw trzecich lub organizacji mi\u0119dzynarodowych nie wdro\u017cony Zam\u00f3wienia Cel przetwarzania zawieranie i zarz\u0105dzanie zam\u00f3wieniami sk\u0142adanymi za po\u015brednictwem strony internetowej (e-sklepu) Podstawa prawna stosunek umowny w rozumieniu art. 6 ust. 1 lit. b) RODO Kategoria os\u00f3b, kt\u00f3rych to dotyczy klienci\/osoby upowa\u017cnione do dzia\u0142ania w imieniu klienta, je\u015bli klient jest osob\u0105 prawn\u0105\/osoba kontaktowa klienta Kategoria danych osobowych imi\u0119, nazwisko, ulica, miasto, kod pocztowy, region\/wojew\u00f3dztwo, e-mail, numer telefonu, przedmiot zam\u00f3wienia, dane zwi\u0105zane z nazw\u0105 p\u0142atno\u015bci i specjalne dane rozliczeniowe, je\u015bli klient jest osob\u0105 prawn\u0105 lub osob\u0105 samozatrudnion\u0105 (w szczeg\u00f3lno\u015bci NIP, NIP, numer VAT) Kategorie beneficjent\u00f3w upowa\u017cnionym osobom pozostaj\u0105cym z administratorem w stosunku umownym, w tym administratorowi strony internetowej, podmiotom, kt\u00f3rym administrator jest zobowi\u0105zany udost\u0119pni\u0107 dane osobowe na podstawie przepis\u00f3w prawa, przewo\u017anikowi zewn\u0119trznemu &#8211; w przypadku wyboru dostawy towaru przez wybranego przewo\u017anika zewn\u0119trznego, partnerom zewn\u0119trznym udost\u0119pniaj\u0105cym bramk\u0119 p\u0142atno\u015bci Termin usuni\u0119cia danych osobowych 10 lat od wykonania nakazu Przekazywanie danych osobowych do pa\u0144stw trzecich lub organizacji mi\u0119dzynarodowych nie wdro\u017cony Porzucony koszyk Cel przetwarzania rezerwacja towar\u00f3w w ramach systemu porzuconych koszyk\u00f3w &#8211; zapisywanie danych koszyka po opuszczeniu strony internetowej Podstawa prawna stosunek przedumowny w rozumieniu art. 6 ust. 1 lit. b) RODO Kategoria os\u00f3b, kt\u00f3rych to dotyczy potencjalni klienci Kategoria danych osobowych Adres IP, informacje o koszyku Kategorie beneficjent\u00f3w upowa\u017cnionym osobom pozostaj\u0105cym z administratorem w stosunku umownym, w tym administratorowi strony internetowej, podmiotom, kt\u00f3rym administrator ma obowi\u0105zek przekazywania danych osobowych na gruncie przepis\u00f3w prawa Termin usuni\u0119cia danych osobowych 24 godziny po umieszczeniu produkt\u00f3w w koszyku[TJ1]. Przekazywanie danych osobowych do pa\u0144stw trzecich lub organizacji mi\u0119dzynarodowych nie wdro\u017cony Skargi Cel przetwarzania rejestracja i rozpatrywanie skarg Podstawa prawna Ustawa nr 250\/2007 Dz.U. o ochronie konsument\u00f3w oraz o zmianie ustawy nr 372\/1990 Dz.U. S\u0142owackiej Rady Narodowej o przest\u0119pstwach, z p\u00f3\u017aniejszymi zmianami, stosunek umowny w rozumieniu art. 6 ust. 1 lit. b) rozporz\u0105dzenia, ustawa nr 102\/2014 Dz.U. o ochronie konsument\u00f3w przy sprzeda\u017cy towar\u00f3w lub \u015bwiadczeniu us\u0142ug na podstawie umowy zawartej na odleg\u0142o\u015b\u0107 lub umowy zawartej poza lokalem sprzedawcy oraz o zmianach i uzupe\u0142nieniach niekt\u00f3rych ustaw. Kategoria os\u00f3b, kt\u00f3rych to dotyczy klienci, osoba upowa\u017cniona do dzia\u0142ania w imieniu klienta, je\u017celi klient jest osob\u0105 prawn\u0105 Kategoria danych osobowych imi\u0119, nazwisko, ulica, miasto, kod pocztowy, region\/wojew\u00f3dztwo, e-mail, numer telefonu, przedmiot zam\u00f3wienia, dane zwi\u0105zane z p\u0142atno\u015bci\u0105, nazwa i specjalne dane rozliczeniowe, je\u015bli klient jest osob\u0105 prawn\u0105 lub osob\u0105 prowadz\u0105c\u0105 dzia\u0142alno\u015b\u0107 gospodarcz\u0105 (w szczeg\u00f3lno\u015bci NIP, NIP), dane osobowe zwi\u0105zane z przedmiotem reklamacji zgodnie z zasad\u0105 minimalizacji, dane podane w zam\u00f3wieniu Kategorie beneficjent\u00f3w upowa\u017cnionym osobom pozostaj\u0105cym z administratorem w stosunku umownym, podmiotom, kt\u00f3rym administrator jest zobowi\u0105zany udost\u0119pni\u0107 dane osobowe na podstawie przepis\u00f3w prawa, administratorowi strony internetowej Termin usuni\u0119cia danych osobowych 2 lata od rozpatrzenia skargi Przekazywanie danych osobowych do pa\u0144stw trzecich lub organizacji mi\u0119dzynarodowych nie wdro\u017cony Recenzje Cel przetwarzania publikacja opinii klient\u00f3w &#8211; ocena jako\u015bci us\u0142ug i produkt\u00f3w dostarczanych przez klient\u00f3w Podstawa prawna uzasadniony interes w rozumieniu art. 6 ust. 1 lit. f) RODO. G\u0142\u00f3wnym uzasadnionym interesem jest informowanie opinii publicznej o jako\u015bci \u015bwiadczonych us\u0142ug i dostarczanych produkt\u00f3w Kategoria os\u00f3b, kt\u00f3rych to dotyczy klienci\/osoby upowa\u017cnione do dzia\u0142ania w imieniu klienta, je\u015bli klient jest osob\u0105 prawn\u0105 Kategoria danych osobowych nazwa, szczeg\u00f3\u0142y podane w recenzji Kategorie beneficjent\u00f3w upowa\u017cnione osoby pozostaj\u0105ce z administratorem w stosunku umownym, w tym administrator strony internetowej, podmioty, kt\u00f3rym administrator jest zobowi\u0105zany udost\u0119pni\u0107 dane osobowe na podstawie przepis\u00f3w prawa, administracja strony internetowej, firma zajmuj\u0105ca si\u0119 komunikacj\u0105 marketingow\u0105 Termin usuni\u0119cia danych osobowych tak d\u0142ugo, jak dzia\u0142a strona internetowa, na kt\u00f3rej opublikowano recenzj\u0119, lub tak d\u0142ugo, jak klient nie za\u017c\u0105da usuni\u0119cia recenzji Przekazywanie danych osobowych do pa\u0144stw trzecich lub organizacji mi\u0119dzynarodowych nie wdro\u017cony Ewidencja klient\u00f3w i os\u00f3b kontaktowych Cel przetwarzania rejestracja klient\u00f3w i os\u00f3b kontaktowych Podstawa prawna uzasadniony interes w rozumieniu art. 6(1)(f) RODO. G\u0142\u00f3wnym uzasadnionym interesem jest skuteczne dostarczanie komunikacji [&hellip;]<\/p>\n","protected":false},"author":1,"featured_media":0,"parent":0,"menu_order":0,"comment_status":"closed","ping_status":"closed","template":"","meta":{"_acf_changed":false,"footnotes":""},"class_list":["post-63086","page","type-page","status-publish","hentry","post-no-thumbnail"],"acf":[],"_links":{"self":[{"href":"https:\/\/www.goriffee.com\/pl\/wp-json\/wp\/v2\/pages\/63086","targetHints":{"allow":["GET"]}}],"collection":[{"href":"https:\/\/www.goriffee.com\/pl\/wp-json\/wp\/v2\/pages"}],"about":[{"href":"https:\/\/www.goriffee.com\/pl\/wp-json\/wp\/v2\/types\/page"}],"author":[{"embeddable":true,"href":"https:\/\/www.goriffee.com\/pl\/wp-json\/wp\/v2\/users\/1"}],"replies":[{"embeddable":true,"href":"https:\/\/www.goriffee.com\/pl\/wp-json\/wp\/v2\/comments?post=63086"}],"version-history":[{"count":4,"href":"https:\/\/www.goriffee.com\/pl\/wp-json\/wp\/v2\/pages\/63086\/revisions"}],"predecessor-version":[{"id":63125,"href":"https:\/\/www.goriffee.com\/pl\/wp-json\/wp\/v2\/pages\/63086\/revisions\/63125"}],"wp:attachment":[{"href":"https:\/\/www.goriffee.com\/pl\/wp-json\/wp\/v2\/media?parent=63086"}],"curies":[{"name":"wp","href":"https:\/\/api.w.org\/{rel}","templated":true}]}}